{"id":1201,"date":"2023-05-26T16:05:11","date_gmt":"2023-05-26T16:05:11","guid":{"rendered":"https:\/\/www.cei.usach.cl\/?page_id=1201"},"modified":"2026-04-02T15:02:35","modified_gmt":"2026-04-02T15:02:35","slug":"quienes-somos-2","status":"publish","type":"page","link":"https:\/\/www.cei.usach.cl\/index.php\/quienes-somos-2\/","title":{"rendered":"Qui\u00e9nes Somos"},"content":{"rendered":"\n<div class=\"wp-block-group alignfull is-layout-constrained wp-block-group-is-layout-constrained\">\n<div class=\"wp-block-columns alignwide has-tertiary-background-color has-background is-layout-flex wp-container-core-columns-is-layout-28f84493 wp-block-columns-is-layout-flex\" style=\"border-style:none;border-width:0px;border-radius:18px\">\n<div class=\"wp-block-column is-layout-flow wp-block-column-is-layout-flow\">\n<figure class=\"wp-block-image alignleft size-large is-resized has-custom-border is-style-default coblocks-animate has-filter-sepia\" data-coblocks-animation=\"zoomIn\"><img loading=\"lazy\" decoding=\"async\" width=\"1024\" height=\"683\" src=\"https:\/\/www.cei.usach.cl\/wp-content\/uploads\/2023\/05\/cuadro_presentacion_QUIENES_SOMOS-3-1024x683.jpeg\" alt=\"\" class=\"wp-image-1205\" style=\"border-style:none;border-width:0px;border-radius:16px;width:512px;height:342px\"\/><\/figure>\n<\/div>\n\n\n\n<div class=\"wp-block-column is-vertically-aligned-center is-layout-flow wp-block-column-is-layout-flow\">\n<h2 class=\"wp-block-heading has-system-font-font-family coblocks-animate has-custom-font\" style=\"font-style:normal;font-weight:700;text-transform:uppercase;font-family:system-font\" data-coblocks-animation=\"slideInLeft\">CEI<\/h2>\n\n\n\n<p class=\"has-text-align-left has-system-font-font-family coblocks-animate has-custom-font has-custom-lineheight has-custom-letterspacing\" style=\"margin-top:var(--wp--preset--spacing--20);margin-right:var(--wp--preset--spacing--20);margin-bottom:var(--wp--preset--spacing--20);margin-left:var(--wp--preset--spacing--20);font-size:45px;font-family:system-font;line-height:1;letter-spacing:1.1px\" data-coblocks-animation=\"slideInLeft\">Comit\u00e9 de \u00c9tica Institucional<\/p>\n\n\n\n<p class=\"has-system-font-font-family coblocks-animate has-custom-font\" style=\"margin-top:var(--wp--preset--spacing--20);margin-right:var(--wp--preset--spacing--20);margin-bottom:var(--wp--preset--spacing--20);margin-left:var(--wp--preset--spacing--20);padding-top:0;padding-right:0;padding-bottom:0;padding-left:0;font-family:system-font\" data-coblocks-animation=\"slideInLeft\">Universidad de Santiago de Chile<\/p>\n<\/div>\n<\/div>\n<\/div>\n\n\n\n<div class=\"wp-block-group alignfull is-layout-constrained wp-block-group-is-layout-constrained\">\n<div class=\"wp-block-columns alignwide is-layout-flex wp-container-core-columns-is-layout-28f84493 wp-block-columns-is-layout-flex\">\n<div class=\"wp-block-column is-layout-flow wp-block-column-is-layout-flow\">\n<p style=\"margin-top:var(--wp--preset--spacing--60);margin-right:var(--wp--preset--spacing--60);margin-bottom:var(--wp--preset--spacing--60);margin-left:var(--wp--preset--spacing--60)\" class=\"coblocks-animate\" data-coblocks-animation=\"slideInBottom\">El Comit\u00e9 de \u00c9tica Institucional (CEI) de la Universidad de Santiago de Chile es un Comit\u00e9 regulado por la Ley 20.120 que enfoca su quehacer en la evaluaci\u00f3n \u00e9tica y bio\u00e9tica de proyectos de investigaci\u00f3n en los niveles de pregrado, postgrado, y hacia la comunidad de investigadoras e investigadores de la instituci\u00f3n. Cumple tambi\u00e9n un rol formativo hacia la comunidad en torno a la regulaci\u00f3n nacional e internacional en Bio\u00e9tica y \u00c9tica de la investigaci\u00f3n.<\/p>\n\n\n\n<p style=\"margin-top:var(--wp--preset--spacing--60);margin-right:var(--wp--preset--spacing--60);margin-bottom:var(--wp--preset--spacing--60);margin-left:var(--wp--preset--spacing--60)\" class=\"coblocks-animate\" data-coblocks-animation=\"slideInBottom\">Actualmente es uno de los Comit\u00e9s expertos m\u00e1s importantes del pa\u00eds, apoyando en la evaluaci\u00f3n de proyectos de investigaci\u00f3n de diversas Universidades del Consejo de Rectores y de grupos de investigaci\u00f3n externos.<\/p>\n<\/div>\n<\/div>\n<\/div>\n\n\n\n<div class=\"wp-block-group alignfull is-layout-constrained wp-block-group-is-layout-constrained\">\n<div class=\"wp-block-columns alignwide is-layout-flex wp-container-core-columns-is-layout-28f84493 wp-block-columns-is-layout-flex\">\n<div class=\"wp-block-column is-layout-flow wp-block-column-is-layout-flow\">\n<div class=\"wp-block-coblocks-accordion coblocks-animate\" data-coblocks-animation=\"clipHorizontal\">\n<div class=\"wp-block-coblocks-accordion-item\"><details><summary class=\"wp-block-coblocks-accordion-item__title\">Objetivos<\/summary><div class=\"wp-block-coblocks-accordion-item__content\">\n<p>El Comit\u00e9 de \u00c9tica Institucional tiene como objetivo principal examinar desde la perspectiva \u00e9tica, bio\u00e9tica y de bioseguridad las actividades de investigaci\u00f3n cient\u00edfica en todas las \u00e1reas del conocimiento en la que participen seres humanos. Se incluyen ensayos cl\u00ednicos, uso de material humano o de animales y\/o de informaci\u00f3n disponible identificable, en conformidad con la normativa vigente. Asimismo, bajo los mismos criterios, aquellos proyectos de investigaci\u00f3n que afecten el medio ambiente y\/o las generaciones futuras.<\/p>\n<\/div><\/details><\/div>\n\n\n\n<div class=\"wp-block-coblocks-accordion-item\"><details><summary class=\"wp-block-coblocks-accordion-item__title\">Responsabilidad<\/summary><div class=\"wp-block-coblocks-accordion-item__content\">\n<p>Es responsabilidad esencial del Comit\u00e9 de \u00c9tica Institucional proteger los derechos, seguridad y bienestar de las personas que participan como sujetos de investigaci\u00f3n y de los animales de experimentaci\u00f3n. Para esto, el Comit\u00e9 eval\u00faa interdisciplinariamente las investigaciones desarrolladas al interior de la Universidad de Santiago y otras que requieran de su conocimiento.<\/p>\n<\/div><\/details><\/div>\n\n\n\n<div class=\"wp-block-coblocks-accordion-item\"><details><summary class=\"wp-block-coblocks-accordion-item__title has-background has-tertiary-background-color\">Obligaciones Universitarias<\/summary><div class=\"wp-block-coblocks-accordion-item__content\" style=\"border-color:#F6F6F6\">\n<p>Acorde con la Ley 20.120 \u201cSOBRE LA INVESTIGACION CIENT\u00cdFICA EN EL SER HUMANO, SU GENOMA, Y PROHIBE LA CLONACI\u00d3N HUMANA\u201d, necesariamente, toda investigaci\u00f3n que se realice en la Universidad de Santiago de Chile, que emplee personas, animales u otros seres vivos, deber\u00e1 contar con la aprobaci\u00f3n de este Comit\u00e9. Ya sean proyectos de investigaci\u00f3n realizados por, o con la colaboraci\u00f3n de la comunidad de investigadoras e investigadores de esta casa de estudios, y proyectos de pregrado y posgrado realizados por estudiantes de la instituci\u00f3n.<\/p>\n<\/div><\/details><\/div>\n<\/div>\n<\/div>\n<\/div>\n<\/div>\n\n\n\n<div class=\"wp-block-group alignfull has-tertiary-background-color has-background is-layout-constrained wp-block-group-is-layout-constrained\">\n<div style=\"height:43px\" aria-hidden=\"true\" class=\"wp-block-spacer\"><\/div>\n\n\n\n<div class=\"wp-block-columns alignwide is-layout-flex wp-container-core-columns-is-layout-28f84493 wp-block-columns-is-layout-flex\">\n<div class=\"wp-block-column is-layout-flow wp-block-column-is-layout-flow\">\n<div class=\"wp-block-media-text alignwide is-stacked-on-mobile is-image-fill-element is-style-default coblocks-animate\" style=\"margin-top:var(--wp--preset--spacing--20);margin-right:var(--wp--preset--spacing--20);margin-bottom:var(--wp--preset--spacing--20);margin-left:var(--wp--preset--spacing--20)\" data-coblocks-animation=\"clipVertical\"><figure class=\"wp-block-media-text__media\"><img loading=\"lazy\" decoding=\"async\" width=\"1280\" height=\"720\" src=\"https:\/\/www.cei.usach.cl\/wp-content\/uploads\/2023\/05\/COMITE_ACREDITADO.jpeg\" alt=\"\" class=\"wp-image-1290 size-full\" style=\"object-position:79% 51%\"\/><\/figure><div class=\"wp-block-media-text__content\">\n<h2 class=\"wp-block-heading has-text-color has-system-font-font-family has-custom-font\" style=\"color:#5e7084;font-size:35px;font-family:system-font\"><strong>Comit\u00e9 Acreditado<\/strong><\/h2>\n\n\n\n<p>El a\u00f1o 2014 nos posicionamos como el primer Comit\u00e9 de \u00c9tica acreditado de la Regi\u00f3n Metropolitana. Hoy, bajo la Resoluci\u00f3n N\u00b02313470287 de septiembre de 2023, contamos con acreditaci\u00f3n de tres a\u00f1os, periodo m\u00e1ximo desde la entrada en vigor de la normativa.<\/p>\n<\/div><\/div>\n<\/div>\n<\/div>\n\n\n\n<div class=\"wp-block-columns alignwide is-layout-flex wp-container-core-columns-is-layout-28f84493 wp-block-columns-is-layout-flex\">\n<div class=\"wp-block-column is-layout-flow wp-block-column-is-layout-flow\">\n<div class=\"wp-block-buttons coblocks-animate is-content-justification-center is-layout-flex wp-container-core-buttons-is-layout-0b1bf01a wp-block-buttons-is-layout-flex\" data-coblocks-animation=\"slideInLeft\">\n<div class=\"wp-block-button has-custom-width wp-block-button__width-100 is-style-fill coblocks-animate has-custom-font\" style=\"font-family:system-font\" data-coblocks-animation=\"zoomIn\"><a class=\"wp-block-button__link has-foreground-color has-text-color has-background has-system-font-font-family has-custom-font-size wp-element-button\" href=\"http:\/\/www.cei.usach.cl\/wp-content\/uploads\/2023\/12\/Resolucion-Acreditacion-2313470287.pdf\" style=\"border-radius:14px;background-color:#eaeaea;padding-top:var(--wp--preset--spacing--30);padding-right:var(--wp--preset--spacing--30);padding-bottom:var(--wp--preset--spacing--30);padding-left:var(--wp--preset--spacing--30);font-size:16px\" target=\"_blank\" rel=\"noreferrer noopener\">Resoluci\u00f3n 2023<\/a><\/div>\n<\/div>\n<\/div>\n\n\n\n<div class=\"wp-block-column is-layout-flow wp-block-column-is-layout-flow\">\n<div class=\"wp-block-buttons coblocks-animate is-content-justification-center is-layout-flex wp-container-core-buttons-is-layout-11db0663 wp-block-buttons-is-layout-flex\" data-coblocks-animation=\"slideInLeft\">\n<div class=\"wp-block-button has-custom-width wp-block-button__width-100 is-style-fill coblocks-animate has-custom-font\" style=\"font-family:system-font\" data-coblocks-animation=\"zoomIn\"><a class=\"wp-block-button__link has-foreground-color has-text-color has-background has-system-font-font-family has-custom-font-size wp-element-button\" href=\"https:\/\/www.cei.usach.cl\/wp-content\/uploads\/2023\/03\/resolucion-re-acreditacion-USACH-11494-13-10-20-1.pdf\" style=\"border-radius:14px;background-color:#eaeaea;padding-top:var(--wp--preset--spacing--30);padding-right:var(--wp--preset--spacing--30);padding-bottom:var(--wp--preset--spacing--30);padding-left:var(--wp--preset--spacing--30);font-size:16px\" target=\"_blank\" rel=\"noreferrer noopener\">Resoluci\u00f3n 2020<\/a><\/div>\n\n\n\n<div class=\"wp-block-button has-custom-width wp-block-button__width-100 is-style-fill coblocks-animate has-custom-font\" style=\"font-family:system-font\" data-coblocks-animation=\"zoomIn\"><a class=\"wp-block-button__link has-foreground-color has-text-color has-background has-system-font-font-family has-custom-font-size wp-element-button\" href=\"https:\/\/www.cei.usach.cl\/wp-content\/uploads\/2023\/03\/resolucion-N-018527-31-03-2014.pdf\" style=\"border-radius:14px;background-color:#eaeaea;padding-top:var(--wp--preset--spacing--30);padding-right:var(--wp--preset--spacing--30);padding-bottom:var(--wp--preset--spacing--30);padding-left:var(--wp--preset--spacing--30);font-size:16px\" target=\"_blank\" rel=\"noreferrer noopener\">Resoluci\u00f3n 2014<\/a><\/div>\n<\/div>\n<\/div>\n\n\n\n<div class=\"wp-block-column is-layout-flow wp-block-column-is-layout-flow\">\n<div class=\"wp-block-buttons coblocks-animate is-layout-flex wp-block-buttons-is-layout-flex\" data-coblocks-animation=\"slideInRight\">\n<div class=\"wp-block-button has-custom-width wp-block-button__width-100 is-style-fill coblocks-animate\" data-coblocks-animation=\"zoomIn\"><a class=\"wp-block-button__link has-foreground-color has-text-color has-background has-custom-font-size wp-element-button\" href=\"http:\/\/www.cei.usach.cl\/wp-content\/uploads\/2023\/06\/Exenta-N\u00b0012320-de-07-06-2017-1.pdf\" style=\"border-radius:14px;background-color:#eaeaea;padding-top:var(--wp--preset--spacing--30);padding-right:var(--wp--preset--spacing--30);padding-bottom:var(--wp--preset--spacing--30);padding-left:var(--wp--preset--spacing--30);font-size:16px\" target=\"_blank\" rel=\"noreferrer noopener\">Resoluci\u00f3n 2017<\/a><\/div>\n<\/div>\n<\/div>\n<\/div>\n\n\n\n<div style=\"height:25px\" aria-hidden=\"true\" class=\"wp-block-spacer\"><\/div>\n<\/div>\n\n\n\n<div style=\"height:27px\" aria-hidden=\"true\" class=\"wp-block-spacer\"><\/div>\n\n\n\n<h2 class=\"wp-block-heading has-text-align-center has-text-color has-system-font-font-family coblocks-animate has-custom-font\" style=\"color:#5e7084;font-size:35px;font-family:system-font\" data-coblocks-animation=\"zoomIn\"><strong>Equipo Profesional CEI<\/strong><\/h2>\n\n\n\n<hr class=\"wp-block-separator has-alpha-channel-opacity is-style-default\"\/>\n\n\n\n<div class=\"wp-block-group alignfull is-layout-constrained wp-block-group-is-layout-constrained\">\n<div style=\"height:57px\" aria-hidden=\"true\" class=\"wp-block-spacer\"><\/div>\n\n\n\n<div class=\"wp-block-columns alignwide is-layout-flex wp-container-core-columns-is-layout-28f84493 wp-block-columns-is-layout-flex\">\n<div class=\"wp-block-column is-layout-flow wp-block-column-is-layout-flow\">\n<div class=\"wp-block-group coblocks-animate is-layout-constrained wp-block-group-is-layout-constrained\" data-coblocks-animation=\"zoomIn\">\n<figure class=\"wp-block-image aligncenter size-full is-resized has-custom-border is-style-rounded has-lightbox\"><img loading=\"lazy\" decoding=\"async\" width=\"300\" height=\"300\" src=\"http:\/\/www.cei.usach.cl\/wp-content\/uploads\/2023\/02\/jairo-venegas-lopez-usach.jpg\" alt=\"\" class=\"wp-image-644\" style=\"border-style:none;border-width:0px;border-radius:100px;width:150px;height:150px\"\/><\/figure>\n\n\n\n<p class=\"has-text-align-center has-text-color\" style=\"color:#5e7084;margin-top:0;margin-right:0;margin-bottom:0;margin-left:0;font-size:17px\"><strong>Dr. Jairo Vanegas L\u00f3pez<\/strong><\/p>\n\n\n\n<p class=\"has-text-align-center has-text-color has-system-font-font-family has-custom-font\" style=\"color:#5e7084;margin-top:0;margin-right:0;margin-bottom:0;margin-left:0;font-size:17px;font-family:system-font\">Presidente<\/p>\n\n\n\n<p class=\"has-text-align-center has-vivid-cyan-blue-color has-text-color has-system-font-font-family has-custom-font\" style=\"color:#5e7084;margin-top:0;margin-right:0;margin-bottom:0;margin-left:0;font-size:13px;font-family:system-font\"><a href=\"mailto:jairo.vanegas.l@usach.cl\" target=\"_blank\" rel=\"noreferrer noopener\">jairo.vanegas.l@usach.cl<\/a><\/p>\n<\/div>\n<\/div>\n\n\n\n<div class=\"wp-block-column is-layout-flow wp-block-column-is-layout-flow\">\n<div class=\"wp-block-group coblocks-animate is-layout-constrained wp-block-group-is-layout-constrained\" data-coblocks-animation=\"zoomIn\">\n<figure class=\"wp-block-image aligncenter size-full is-resized has-custom-border is-style-rounded has-lightbox\"><img loading=\"lazy\" decoding=\"async\" width=\"300\" height=\"300\" src=\"http:\/\/www.cei.usach.cl\/wp-content\/uploads\/2023\/03\/vicepresidente.png\" alt=\"\" class=\"wp-image-977\" style=\"border-style:none;border-width:0px;border-radius:100px;width:150px;height:150px\"\/><\/figure>\n\n\n\n<p class=\"has-text-align-center has-text-color has-system-font-font-family has-custom-font\" style=\"color:#5e7084;margin-top:0;margin-right:0;margin-bottom:0;margin-left:0;font-size:17px;font-family:system-font\"><strong>Dr. Manuel Santos Alc\u00e1ntara<\/strong><\/p>\n\n\n\n<p class=\"has-text-align-center has-text-color has-system-font-font-family has-custom-font\" style=\"color:#5e7084;margin-top:0;margin-right:0;margin-bottom:0;margin-left:0;font-size:17px;font-family:system-font\">Vicepresidente<\/p>\n\n\n\n<p class=\"has-text-align-center has-vivid-cyan-blue-color has-text-color has-system-font-font-family has-custom-font\" style=\"color:#5e7084;margin-top:0;margin-right:0;margin-bottom:0;margin-left:0;font-size:13px;font-family:system-font\"><a href=\"mailto:msantos@bio.puc.cl\" target=\"_blank\" rel=\"noreferrer noopener\">msantos@bio.puc.cl<\/a><\/p>\n<\/div>\n<\/div>\n\n\n\n<div class=\"wp-block-column is-layout-flow wp-block-column-is-layout-flow\">\n<div class=\"wp-block-group coblocks-animate is-layout-constrained wp-block-group-is-layout-constrained\" data-coblocks-animation=\"zoomIn\">\n<figure class=\"wp-block-image aligncenter size-full is-resized has-custom-border is-style-rounded\"><img loading=\"lazy\" decoding=\"async\" width=\"300\" height=\"300\" src=\"http:\/\/www.cei.usach.cl\/wp-content\/uploads\/2023\/02\/Carolina-Marchant-Carrasco-300x300-1.jpg\" alt=\"\" class=\"wp-image-647\" style=\"border-style:none;border-width:0px;border-radius:100px;width:150px;height:150px\"\/><\/figure>\n\n\n\n<p class=\"has-text-align-center has-text-color\" style=\"color:#5e7084;margin-top:0;margin-right:0;margin-bottom:0;margin-left:0;font-size:17px\"><strong>MV. Carolina Marchant<\/strong><\/p>\n\n\n\n<p class=\"has-text-align-center has-text-color has-system-font-font-family has-custom-font\" style=\"color:#5e7084;margin-top:0;margin-right:0;margin-bottom:0;margin-left:0;font-size:17px;font-family:system-font\">Secretaria Ejecutiva<\/p>\n\n\n\n<p class=\"has-text-align-center has-vivid-cyan-blue-color has-text-color has-system-font-font-family has-custom-font\" style=\"color:#5e7084;margin-top:0;margin-right:0;margin-bottom:0;margin-left:0;font-size:13px;font-family:system-font\"><a href=\"mailto:carolina.marchant.c@usach.cl\" target=\"_blank\" rel=\"noreferrer noopener\">carolina.marchant.c@usach.cl<\/a><\/p>\n<\/div>\n<\/div>\n\n\n\n<div class=\"wp-block-column is-layout-flow wp-block-column-is-layout-flow\">\n<div class=\"wp-block-group coblocks-animate is-layout-constrained wp-block-group-is-layout-constrained\" data-coblocks-animation=\"zoomIn\">\n<figure class=\"wp-block-image aligncenter size-full is-resized has-custom-border is-style-rounded\"><img loading=\"lazy\" decoding=\"async\" width=\"300\" height=\"300\" src=\"http:\/\/www.cei.usach.cl\/wp-content\/uploads\/2023\/02\/Alvaro-Moreno-Vilches-300x300-1.jpg\" alt=\"\" class=\"wp-image-649\" style=\"border-style:none;border-width:0px;border-radius:100px;width:150px;height:150px\"\/><\/figure>\n\n\n\n<p class=\"has-text-align-center has-text-color\" style=\"color:#5e7084;margin-top:0;margin-right:0;margin-bottom:0;margin-left:0;font-size:17px\"><strong>\u00c1lvaro Moreno Vilches<\/strong><\/p>\n\n\n\n<p class=\"has-text-align-center has-text-color has-system-font-font-family has-custom-font\" style=\"color:#5e7084;margin-top:0;margin-right:0;margin-bottom:0;margin-left:0;font-size:16px;font-family:system-font\">Abogado<\/p>\n\n\n\n<p class=\"has-text-align-center has-vivid-cyan-blue-color has-text-color has-system-font-font-family has-custom-font\" style=\"margin-top:0;margin-right:0;margin-bottom:0;margin-left:0;font-size:13px;font-family:system-font\"><a href=\"mailto:alvaro.moreno.v@usach.cl\" target=\"_blank\" rel=\"noreferrer noopener\">alvaro.moreno.v@usach.cl<\/a><\/p>\n<\/div>\n<\/div>\n<\/div>\n\n\n\n<div style=\"height:30px\" aria-hidden=\"true\" class=\"wp-block-spacer\"><\/div>\n<\/div>\n\n\n\n<div class=\"wp-block-group alignfull is-layout-constrained wp-block-group-is-layout-constrained\">\n<div class=\"wp-block-columns alignwide is-layout-flex wp-container-core-columns-is-layout-28f84493 wp-block-columns-is-layout-flex\">\n<div class=\"wp-block-column is-layout-flow wp-block-column-is-layout-flow\">\n<div class=\"wp-block-group coblocks-animate is-layout-constrained wp-block-group-is-layout-constrained\" data-coblocks-animation=\"zoomIn\">\n<figure class=\"wp-block-image aligncenter size-full is-resized has-custom-border is-style-rounded has-lightbox\"><img loading=\"lazy\" decoding=\"async\" width=\"300\" height=\"300\" src=\"http:\/\/www.cei.usach.cl\/wp-content\/uploads\/2023\/02\/Elizabeth-Gatica-Maureira-300x300-1.jpg\" alt=\"\" class=\"wp-image-650\" style=\"border-style:none;border-width:0px;border-radius:100px;width:150px;height:150px\"\/><\/figure>\n\n\n\n<p class=\"has-text-align-center has-text-color\" style=\"color:#5e7084;margin-top:0;margin-right:0;margin-bottom:0;margin-left:0;font-size:17px\"><strong>Elizabeth Gatica Maureira<\/strong><\/p>\n\n\n\n<p class=\"has-text-align-center has-text-color has-system-font-font-family has-custom-font\" style=\"color:#5e7084;margin-top:0;margin-right:0;margin-bottom:0;margin-left:0;font-size:16px;font-family:system-font\">Secretaria<\/p>\n\n\n\n<p class=\"has-text-align-center has-vivid-cyan-blue-color has-text-color has-system-font-font-family has-custom-font\" style=\"margin-top:0;margin-right:0;margin-bottom:0;margin-left:0;font-size:13px;font-family:system-font\"><a href=\"mailto:elizabeth.gatica@usach.cl\">elizabeth.gatica@usach.cl<\/a><\/p>\n<\/div>\n<\/div>\n\n\n\n<div class=\"wp-block-column is-layout-flow wp-block-column-is-layout-flow\">\n<div class=\"wp-block-group coblocks-animate is-layout-constrained wp-block-group-is-layout-constrained\" data-coblocks-animation=\"zoomIn\">\n<figure class=\"wp-block-image aligncenter size-full is-resized has-custom-border is-style-rounded has-lightbox\"><img loading=\"lazy\" decoding=\"async\" width=\"300\" height=\"300\" src=\"http:\/\/www.cei.usach.cl\/wp-content\/uploads\/2023\/02\/Francisca-Miranda-Baez.-300x300-1.jpg\" alt=\"\" class=\"wp-image-651\" style=\"border-style:none;border-width:0px;border-radius:100px;width:150px;height:150px\"\/><\/figure>\n\n\n\n<p class=\"has-text-align-center has-text-color has-system-font-font-family has-custom-font\" style=\"color:#5e7084;margin-top:0;margin-right:0;margin-bottom:0;margin-left:0;font-size:17px;font-family:system-font\"><strong>Francisca Miranda B\u00e1ez<\/strong><\/p>\n\n\n\n<p class=\"has-text-align-center has-text-color has-system-font-font-family has-custom-font\" style=\"color:#5e7084;margin-top:0;margin-right:0;margin-bottom:0;margin-left:0;font-size:16px;font-family:system-font\">Coordinadora Alterna Ingenier\u00eda y Coordinadora Alterna Ciencias Qu\u00edmicas, Medio Ambiente y Bioseguridad<\/p>\n\n\n\n<p class=\"has-text-align-center has-vivid-cyan-blue-color has-text-color has-system-font-font-family has-custom-font\" style=\"margin-top:0;margin-right:0;margin-bottom:0;margin-left:0;font-size:13px;font-family:system-font\"><a href=\"mailto:francisca.mirandab@usach.cl\">francisca.mirandab@usach.cl<\/a><\/p>\n<\/div>\n<\/div>\n\n\n\n<div class=\"wp-block-column is-layout-flow wp-block-column-is-layout-flow\">\n<div class=\"wp-block-group coblocks-animate is-layout-constrained wp-block-group-is-layout-constrained\" data-coblocks-animation=\"zoomIn\">\n<figure class=\"wp-block-image aligncenter size-full is-resized has-custom-border is-style-rounded\"><img loading=\"lazy\" decoding=\"async\" width=\"300\" height=\"300\" src=\"http:\/\/www.cei.usach.cl\/wp-content\/uploads\/2023\/02\/Gilberto-Godoy-Mendez-300x300-1.jpg\" alt=\"\" class=\"wp-image-652\" style=\"border-style:none;border-width:0px;border-radius:100px;width:150px;height:150px\"\/><\/figure>\n\n\n\n<p class=\"has-text-align-center has-text-color\" style=\"color:#5e7084;margin-top:0;margin-right:0;margin-bottom:0;margin-left:0;font-size:17px\"><strong>Gilberto Godoy M\u00e9ndez<\/strong><\/p>\n\n\n\n<p class=\"has-text-align-center has-text-color has-system-font-font-family has-custom-font\" style=\"color:#5e7084;margin-top:0;margin-right:0;margin-bottom:0;margin-left:0;font-size:16px;font-family:system-font\">Coordinador Alterno \u00e1rea Ciencias de la Salud, Biom\u00e9dica y Biol\u00f3gicas y Coordinador de Seguimiento de Proyectos de Investigaci\u00f3n<\/p>\n\n\n\n<p class=\"has-text-align-center has-vivid-cyan-blue-color has-text-color has-system-font-font-family has-custom-font\" style=\"margin-top:0;margin-right:0;margin-bottom:0;margin-left:0;font-size:13px;font-family:system-font\"><a href=\"mailto:gilberto.godoy@usach.cl\">gilberto.godoy@usach.cl<\/a><\/p>\n<\/div>\n<\/div>\n\n\n\n<div class=\"wp-block-column is-layout-flow wp-block-column-is-layout-flow\">\n<div class=\"wp-block-group coblocks-animate is-layout-constrained wp-block-group-is-layout-constrained\" data-coblocks-animation=\"zoomIn\">\n<figure class=\"wp-block-image aligncenter size-full is-resized has-custom-border is-style-rounded\"><img loading=\"lazy\" decoding=\"async\" width=\"300\" height=\"300\" src=\"http:\/\/www.cei.usach.cl\/wp-content\/uploads\/2023\/02\/Alexis-Garrido-Nunez-300x300-1.jpg\" alt=\"\" class=\"wp-image-653\" style=\"border-style:none;border-width:0px;border-radius:100px;width:150px;height:150px\"\/><\/figure>\n\n\n\n<p class=\"has-text-align-center has-text-color\" style=\"color:#5e7084;margin-top:0;margin-right:0;margin-bottom:0;margin-left:0;font-size:17px\"><strong>Alexis Garrido N\u00fa\u00f1ez<\/strong><\/p>\n\n\n\n<p class=\"has-text-align-center has-text-color has-system-font-font-family has-custom-font\" style=\"color:#5e7084;margin-top:0;margin-right:0;margin-bottom:0;margin-left:0;font-size:16px;font-family:system-font\">Coordinador Alterno \u00c1rea Ciencias Sociales, Econ\u00f3micas y Humanidades<\/p>\n\n\n\n<p class=\"has-text-align-center has-vivid-cyan-blue-color has-text-color has-system-font-font-family has-custom-font\" style=\"margin-top:0;margin-right:0;margin-bottom:0;margin-left:0;font-size:13px;font-family:system-font\"><a href=\"mailto:alexis.garrido@usach.cl\">alexis.garrido@usach.cl<\/a><\/p>\n<\/div>\n<\/div>\n<\/div>\n<\/div>\n\n\n\n<div style=\"height:14px\" aria-hidden=\"true\" class=\"wp-block-spacer\"><\/div>\n\n\n\n<hr class=\"wp-block-separator has-alpha-channel-opacity\"\/>\n\n\n\n<div style=\"height:14px\" aria-hidden=\"true\" class=\"wp-block-spacer\"><\/div>\n\n\n\n<div class=\"wp-block-group alignfull has-tertiary-background-color has-background is-layout-constrained wp-block-group-is-layout-constrained\">\n<div class=\"wp-block-columns alignwide is-layout-flex wp-container-core-columns-is-layout-28f84493 wp-block-columns-is-layout-flex\">\n<div class=\"wp-block-column is-layout-flow wp-block-column-is-layout-flow\">\n<div style=\"height:24px\" aria-hidden=\"true\" class=\"wp-block-spacer\"><\/div>\n\n\n\n<h2 class=\"wp-block-heading alignfull has-text-align-center has-text-color has-system-font-font-family coblocks-animate has-custom-font\" style=\"color:#5e7084;font-size:35px;font-family:system-font\" data-coblocks-animation=\"zoomIn\"><strong>\u00c1reas<\/strong><\/h2>\n\n\n\n<p class=\"has-text-align-center coblocks-animate\" data-coblocks-animation=\"slideInBottom\">Apeg\u00e1ndose al nuevo reglamento del 4 de junio de 2019, las \u00e1reas del Comit\u00e9 responden a la Resoluci\u00f3n N\u00b03502.<\/p>\n\n\n\n<div style=\"height:25px\" aria-hidden=\"true\" class=\"wp-block-spacer\"><\/div>\n\n\n\n<div class=\"wp-block-columns is-layout-flex wp-container-core-columns-is-layout-28f84493 wp-block-columns-is-layout-flex\">\n<div class=\"wp-block-column is-layout-flow wp-block-column-is-layout-flow\">\n<figure class=\"wp-block-image aligncenter size-full is-resized has-custom-border is-style-default coblocks-animate wp-duotone-rgb94112132-f6f6f6-1\" data-coblocks-animation=\"zoomIn\"><a href=\"https:\/\/www.cei.usach.cl\/index.php\/ciencias-de-animales-de-experimentacion\/\" rel=\"https:\/\/www.cei.usach.cl\/index.php\/ciencias-de-animales-de-experimentacion\/\"><img loading=\"lazy\" decoding=\"async\" width=\"614\" height=\"614\" src=\"https:\/\/www.cei.usach.cl\/wp-content\/uploads\/2023\/05\/prueba-de-adn-1.png\" alt=\"\" class=\"wp-image-1403\" style=\"border-width:4px;border-radius:100px;width:110px;height:110px\"\/><\/a><\/figure>\n<\/div>\n\n\n\n<div class=\"wp-block-column is-layout-flow wp-block-column-is-layout-flow\">\n<figure class=\"wp-block-image aligncenter size-full is-resized has-custom-border is-style-default coblocks-animate wp-duotone-5e7084-f6f6f6-2\" data-coblocks-animation=\"zoomIn\"><a href=\"https:\/\/www.cei.usach.cl\/index.php\/ciencias-sociales-y-economicas-y-humanidades\/\"><img loading=\"lazy\" decoding=\"async\" width=\"614\" height=\"614\" src=\"http:\/\/www.cei.usach.cl\/wp-content\/uploads\/2023\/05\/ciencias-sociales-1.png\" alt=\"\" class=\"wp-image-1405\" style=\"border-width:4px;border-radius:100px;width:110px;height:110px\"\/><\/a><\/figure>\n<\/div>\n\n\n\n<div class=\"wp-block-column is-layout-flow wp-block-column-is-layout-flow\">\n<figure class=\"wp-block-image aligncenter size-full is-resized has-custom-border is-style-default coblocks-animate wp-duotone-rgb94112132-f6f6f6-3\" data-coblocks-animation=\"zoomIn\"><a href=\"https:\/\/www.cei.usach.cl\/index.php\/ciencias-de-la-salud-biomedicas-y-biologicas\/\"><img loading=\"lazy\" decoding=\"async\" width=\"614\" height=\"614\" src=\"http:\/\/www.cei.usach.cl\/wp-content\/uploads\/2023\/05\/latido-del-corazon.png\" alt=\"\" class=\"wp-image-1402\" style=\"border-width:4px;border-radius:100px;width:110px;height:110px\"\/><\/a><\/figure>\n<\/div>\n\n\n\n<div class=\"wp-block-column is-layout-flow wp-block-column-is-layout-flow\">\n<figure class=\"wp-block-image aligncenter size-full is-resized has-custom-border is-style-default coblocks-animate wp-duotone-5e7084-f6f6f6-4\" data-coblocks-animation=\"zoomIn\"><a href=\"https:\/\/www.cei.usach.cl\/index.php\/ciencias-quimicas-medio-ambiente-y-bioseguridad\/\"><img loading=\"lazy\" decoding=\"async\" width=\"614\" height=\"614\" src=\"http:\/\/www.cei.usach.cl\/wp-content\/uploads\/2023\/05\/quimica.png\" alt=\"\" class=\"wp-image-1404\" style=\"border-width:4px;border-radius:100px;width:110px;height:110px\"\/><\/a><\/figure>\n<\/div>\n\n\n\n<div class=\"wp-block-column is-layout-flow wp-block-column-is-layout-flow\">\n<figure class=\"wp-block-image aligncenter size-full is-resized has-custom-border is-style-default coblocks-animate wp-duotone-rgb94112132-f6f6f6-5\" data-coblocks-animation=\"zoomIn\"><a href=\"https:\/\/www.cei.usach.cl\/index.php\/ingenieria\/\"><img loading=\"lazy\" decoding=\"async\" width=\"614\" height=\"614\" src=\"http:\/\/www.cei.usach.cl\/wp-content\/uploads\/2023\/05\/ingeniero.png\" alt=\"\" class=\"wp-image-1401\" style=\"border-width:4px;border-radius:100px;width:110px;height:110px\"\/><\/a><\/figure>\n<\/div>\n<\/div>\n\n\n\n<div class=\"wp-block-columns is-layout-flex wp-container-core-columns-is-layout-28f84493 wp-block-columns-is-layout-flex\">\n<div class=\"wp-block-column is-layout-flow wp-block-column-is-layout-flow\">\n<p class=\"has-text-align-center coblocks-animate\" style=\"margin-top:0;margin-right:0;margin-bottom:0;margin-left:0\" data-coblocks-animation=\"slideInBottom\">Ciencias de Animales de Experimentaci\u00f3n<\/p>\n<\/div>\n\n\n\n<div class=\"wp-block-column is-layout-flow wp-block-column-is-layout-flow\">\n<p class=\"has-text-align-center coblocks-animate\" style=\"margin-top:0;margin-right:0;margin-bottom:0;margin-left:0\" data-coblocks-animation=\"slideInBottom\">Ciencias Sociales y Econ\u00f3micas, Humanidades<\/p>\n<\/div>\n\n\n\n<div class=\"wp-block-column is-layout-flow wp-block-column-is-layout-flow\">\n<p class=\"has-text-align-center coblocks-animate\" style=\"margin-top:0;margin-right:0;margin-bottom:0;margin-left:0\" data-coblocks-animation=\"slideInBottom\">Ciencias de la Salud, M\u00e9dicas y Biom\u00e9dicas<\/p>\n<\/div>\n\n\n\n<div class=\"wp-block-column is-layout-flow wp-block-column-is-layout-flow\">\n<p class=\"has-text-align-center coblocks-animate\" data-coblocks-animation=\"slideInBottom\">Ciencias Qu\u00edmicas, Medio Ambiente y Bioseguridad<\/p>\n<\/div>\n\n\n\n<div class=\"wp-block-column is-layout-flow wp-block-column-is-layout-flow\">\n<p class=\"has-text-align-center coblocks-animate\" data-coblocks-animation=\"slideInBottom\">Ingenier\u00eda<\/p>\n<\/div>\n<\/div>\n\n\n\n<div style=\"height:0px\" aria-hidden=\"true\" class=\"wp-block-spacer\"><\/div>\n<\/div>\n<\/div>\n<\/div>\n\n\n\n<p><\/p>\n","protected":false},"excerpt":{"rendered":"<p>CEI Comit\u00e9 de \u00c9tica Institucional Universidad de Santiago de Chile El Comit\u00e9 de \u00c9tica Institucional (CEI) de la Universidad de Santiago de Chile es un Comit\u00e9 regulado por la Ley [&hellip;]<\/p>\n","protected":false},"author":1,"featured_media":1140,"parent":0,"menu_order":0,"comment_status":"closed","ping_status":"closed","template":"","meta":{"_coblocks_attr":"","_coblocks_dimensions":"","_coblocks_responsive_height":"","_coblocks_accordion_ie_support":"","inline_featured_image":false,"_EventAllDay":false,"_EventTimezone":"","_EventStartDate":"","_EventEndDate":"","_EventStartDateUTC":"","_EventEndDateUTC":"","_EventShowMap":false,"_EventShowMapLink":false,"_EventURL":"","_EventCost":"","_EventCostDescription":"","_EventCurrencySymbol":"","_EventCurrencyCode":"","_EventCurrencyPosition":"","_EventDateTimeSeparator":"","_EventTimeRangeSeparator":"","_EventOrganizerID":[],"_EventVenueID":[],"_OrganizerEmail":"","_OrganizerPhone":"","_OrganizerWebsite":"","_VenueAddress":"","_VenueCity":"","_VenueCountry":"","_VenueProvince":"","_VenueState":"","_VenueZip":"","_VenuePhone":"","_VenueURL":"","_VenueStateProvince":"","_VenueLat":"","_VenueLng":"","_VenueShowMap":false,"_VenueShowMapLink":false,"footnotes":""},"class_list":["post-1201","page","type-page","status-publish","has-post-thumbnail","hentry"],"rttpg_featured_image_url":{"full":["https:\/\/www.cei.usach.cl\/wp-content\/uploads\/2023\/05\/principal_QUIENES_SOMOS.jpg",2500,1667,false],"landscape":["https:\/\/www.cei.usach.cl\/wp-content\/uploads\/2023\/05\/principal_QUIENES_SOMOS.jpg",2500,1667,false],"portraits":["https:\/\/www.cei.usach.cl\/wp-content\/uploads\/2023\/05\/principal_QUIENES_SOMOS.jpg",2500,1667,false],"thumbnail":["https:\/\/www.cei.usach.cl\/wp-content\/uploads\/2023\/05\/principal_QUIENES_SOMOS-150x150.jpg",150,150,true],"medium":["https:\/\/www.cei.usach.cl\/wp-content\/uploads\/2023\/05\/principal_QUIENES_SOMOS-300x200.jpg",300,200,true],"large":["https:\/\/www.cei.usach.cl\/wp-content\/uploads\/2023\/05\/principal_QUIENES_SOMOS-1024x683.jpg",1024,683,true],"1536x1536":["https:\/\/www.cei.usach.cl\/wp-content\/uploads\/2023\/05\/principal_QUIENES_SOMOS-1536x1024.jpg",1536,1024,true],"2048x2048":["https:\/\/www.cei.usach.cl\/wp-content\/uploads\/2023\/05\/principal_QUIENES_SOMOS-2048x1366.jpg",2048,1366,true],"rpwe-thumbnail":["https:\/\/www.cei.usach.cl\/wp-content\/uploads\/2023\/05\/principal_QUIENES_SOMOS-45x45.jpg",45,45,true]},"rttpg_author":{"display_name":"fabianflores","author_link":"https:\/\/www.cei.usach.cl\/index.php\/author\/fabianflores\/"},"rttpg_comment":0,"rttpg_category":null,"rttpg_excerpt":"CEI Comit\u00e9 de \u00c9tica Institucional Universidad de Santiago de Chile El Comit\u00e9 de \u00c9tica Institucional (CEI) de la Universidad de Santiago de Chile es un Comit\u00e9 regulado por la Ley [&hellip;]","_links":{"self":[{"href":"https:\/\/www.cei.usach.cl\/index.php\/wp-json\/wp\/v2\/pages\/1201","targetHints":{"allow":["GET"]}}],"collection":[{"href":"https:\/\/www.cei.usach.cl\/index.php\/wp-json\/wp\/v2\/pages"}],"about":[{"href":"https:\/\/www.cei.usach.cl\/index.php\/wp-json\/wp\/v2\/types\/page"}],"author":[{"embeddable":true,"href":"https:\/\/www.cei.usach.cl\/index.php\/wp-json\/wp\/v2\/users\/1"}],"replies":[{"embeddable":true,"href":"https:\/\/www.cei.usach.cl\/index.php\/wp-json\/wp\/v2\/comments?post=1201"}],"version-history":[{"count":88,"href":"https:\/\/www.cei.usach.cl\/index.php\/wp-json\/wp\/v2\/pages\/1201\/revisions"}],"predecessor-version":[{"id":3673,"href":"https:\/\/www.cei.usach.cl\/index.php\/wp-json\/wp\/v2\/pages\/1201\/revisions\/3673"}],"wp:featuredmedia":[{"embeddable":true,"href":"https:\/\/www.cei.usach.cl\/index.php\/wp-json\/wp\/v2\/media\/1140"}],"wp:attachment":[{"href":"https:\/\/www.cei.usach.cl\/index.php\/wp-json\/wp\/v2\/media?parent=1201"}],"curies":[{"name":"wp","href":"https:\/\/api.w.org\/{rel}","templated":true}]}}