{"id":1392,"date":"2023-05-29T19:44:16","date_gmt":"2023-05-29T19:44:16","guid":{"rendered":"https:\/\/www.cei.usach.cl\/?page_id=1392"},"modified":"2026-04-02T15:09:38","modified_gmt":"2026-04-02T15:09:38","slug":"ciencias-de-la-salud-biomedicas-y-biologicas","status":"publish","type":"page","link":"https:\/\/www.cei.usach.cl\/index.php\/ciencias-de-la-salud-biomedicas-y-biologicas\/","title":{"rendered":"Ciencias de la Salud, Biom\u00e9dicas y Biol\u00f3gicas"},"content":{"rendered":"\n<h2 class=\"wp-block-heading has-text-align-center has-text-color has-system-font-font-family coblocks-animate has-custom-font\" style=\"color:#5e7084;font-size:35px;font-family:system-font\" data-coblocks-animation=\"zoomIn\"><strong><strong>Coordinaci\u00f3n<\/strong><\/strong><\/h2>\n\n\n\n<hr class=\"wp-block-separator has-alpha-channel-opacity coblocks-animate\" data-coblocks-animation=\"slideInBottom\"\/>\n\n\n\n<div style=\"height:25px\" aria-hidden=\"true\" class=\"wp-block-spacer\"><\/div>\n\n\n\n<div class=\"wp-block-group alignfull is-layout-constrained wp-block-group-is-layout-constrained\">\n<div class=\"wp-block-columns alignwide is-layout-flex wp-container-core-columns-is-layout-28f84493 wp-block-columns-is-layout-flex\">\n<div class=\"wp-block-column is-layout-flow wp-block-column-is-layout-flow\">\n<div class=\"wp-block-group is-layout-constrained wp-block-group-is-layout-constrained\">\n<figure class=\"wp-block-image aligncenter size-large is-resized is-style-rounded\"><img loading=\"lazy\" decoding=\"async\" width=\"1024\" height=\"1024\" src=\"http:\/\/www.cei.usach.cl\/wp-content\/uploads\/2023\/05\/Christian-Cea-Del-Rio-1024x1024.jpg\" alt=\"\" class=\"wp-image-1455\" style=\"width:120px;height:120px\"\/><\/figure>\n\n\n\n<p class=\"has-text-align-center has-text-color\" style=\"color:#5e7084\"><strong>Christian Cea Del R\u00edo<\/strong><\/p>\n\n\n\n<p class=\"has-text-align-center\" style=\"margin-top:0;margin-right:0;margin-bottom:0;margin-left:0\">Coordinador<\/p>\n\n\n\n<p class=\"has-text-align-center has-background-color has-text-color\">Jairo.venegas@usach.cl<\/p>\n<\/div>\n<\/div>\n\n\n\n<div class=\"wp-block-column is-layout-flow wp-block-column-is-layout-flow\">\n<div class=\"wp-block-group is-layout-constrained wp-block-group-is-layout-constrained\">\n<figure class=\"wp-block-image aligncenter size-full is-resized is-style-rounded\"><img loading=\"lazy\" decoding=\"async\" width=\"300\" height=\"300\" src=\"http:\/\/www.cei.usach.cl\/wp-content\/uploads\/2023\/02\/Gilberto-Godoy-Mendez-300x300-1.jpg\" alt=\"\" class=\"wp-image-652\" style=\"width:120px;height:120px\"\/><\/figure>\n\n\n\n<p class=\"has-text-align-center has-text-color\" style=\"color:#5e7084\"><strong>Gilberto Godoy M\u00e9ndez<\/strong><\/p>\n\n\n\n<p class=\"has-text-align-center\" style=\"margin-top:0;margin-right:0;margin-bottom:0;margin-left:0\">Coordinador Alterno<\/p>\n\n\n\n<p class=\"has-text-align-center has-background-color has-text-color\">Jairo.venegas@usach.cl<\/p>\n<\/div>\n<\/div>\n<\/div>\n<\/div>\n\n\n\n<div style=\"height:55px\" aria-hidden=\"true\" class=\"wp-block-spacer\"><\/div>\n\n\n\n<h2 class=\"wp-block-heading has-text-align-center has-text-color has-system-font-font-family coblocks-animate has-custom-font\" style=\"color:#5e7084;font-size:35px;font-family:system-font\" data-coblocks-animation=\"zoomIn\"><strong>Integrantes<\/strong><\/h2>\n\n\n\n<hr class=\"wp-block-separator has-alpha-channel-opacity coblocks-animate\" data-coblocks-animation=\"slideInBottom\"\/>\n\n\n\n<div style=\"height:20px\" aria-hidden=\"true\" class=\"wp-block-spacer\"><\/div>\n\n\n\n<div class=\"wp-block-columns alignwide is-layout-flex wp-container-core-columns-is-layout-28f84493 wp-block-columns-is-layout-flex\">\n<div class=\"wp-block-column coblocks-animate is-layout-flow wp-block-column-is-layout-flow\" data-coblocks-animation=\"zoomIn\">\n<div class=\"wp-block-group is-layout-constrained wp-block-group-is-layout-constrained\">\n<figure class=\"wp-block-image aligncenter size-full is-resized is-style-rounded\"><img loading=\"lazy\" decoding=\"async\" width=\"1316\" height=\"1316\" src=\"https:\/\/www.cei.usach.cl\/wp-content\/uploads\/2023\/05\/Lorna-Luco-Asesora-externa-Area-Ciencias-de-la-Salud_-Biomedicas-y-Biologicas.jpg\" alt=\"\" class=\"wp-image-1462\" style=\"width:120px;height:120px\"\/><\/figure>\n\n\n\n<p class=\"has-text-align-center has-text-color\" style=\"color:#5e7084\"><strong>Lorna Luco Canales<\/strong><\/p>\n\n\n\n<p class=\"has-text-align-center\" style=\"margin-top:0;margin-right:0;margin-bottom:0;margin-left:0\">Asesora&nbsp;Externa<\/p>\n\n\n\n<p class=\"has-text-align-center has-background-color has-text-color\">Jairo.venegas@usach.cl<\/p>\n<\/div>\n<\/div>\n\n\n\n<div class=\"wp-block-column coblocks-animate is-layout-flow wp-block-column-is-layout-flow\" data-coblocks-animation=\"zoomIn\">\n<div class=\"wp-block-group is-layout-constrained wp-block-group-is-layout-constrained\">\n<figure class=\"wp-block-image aligncenter size-full is-resized is-style-rounded\"><img loading=\"lazy\" decoding=\"async\" width=\"720\" height=\"720\" src=\"http:\/\/www.cei.usach.cl\/wp-content\/uploads\/2023\/05\/blank-profile-picture-973460_960_720.webp\" alt=\"\" class=\"wp-image-1470\" style=\"width:120px;height:120px\"\/><\/figure>\n\n\n\n<p class=\"has-text-align-center has-text-color\" style=\"color:#5e7084\"><strong>Mar\u00eda Ang\u00e9lica Sotomayor Saavedra<\/strong><\/p>\n\n\n\n<p class=\"has-text-align-center\" style=\"margin-top:0;margin-right:0;margin-bottom:0;margin-left:0\">Asesora&nbsp;Externa<\/p>\n\n\n\n<p class=\"has-text-align-center has-background-color has-text-color\">Jairo.venegas@usach.cl<\/p>\n<\/div>\n<\/div>\n\n\n\n<div class=\"wp-block-column coblocks-animate is-layout-flow wp-block-column-is-layout-flow\" data-coblocks-animation=\"zoomIn\">\n<div class=\"wp-block-group is-layout-constrained wp-block-group-is-layout-constrained\">\n<figure class=\"wp-block-image aligncenter size-full is-resized is-style-rounded\"><img loading=\"lazy\" decoding=\"async\" width=\"720\" height=\"720\" src=\"http:\/\/www.cei.usach.cl\/wp-content\/uploads\/2023\/05\/blank-profile-picture-973460_960_720.webp\" alt=\"\" class=\"wp-image-1470\" style=\"width:120px;height:120px\"\/><\/figure>\n\n\n\n<p class=\"has-text-align-center has-text-color\" style=\"color:#5e7084\"><strong>Lorena Sulz Echeverr\u00eda<\/strong><\/p>\n\n\n\n<p class=\"has-text-align-center\" style=\"margin-top:0;margin-right:0;margin-bottom:0;margin-left:0\">Facultad de Ciencias M\u00e9dicas<\/p>\n\n\n\n<p class=\"has-text-align-center has-background-color has-text-color\">Jairo.venegas@usach.cl<\/p>\n<\/div>\n<\/div>\n\n\n\n<div class=\"wp-block-column coblocks-animate is-layout-flow wp-block-column-is-layout-flow\" data-coblocks-animation=\"zoomIn\">\n<div class=\"wp-block-group is-layout-constrained wp-block-group-is-layout-constrained\">\n<figure class=\"wp-block-image aligncenter size-full is-resized is-style-rounded\"><img loading=\"lazy\" decoding=\"async\" width=\"300\" height=\"300\" src=\"http:\/\/www.cei.usach.cl\/wp-content\/uploads\/2023\/02\/jairo-venegas-lopez-usach.jpg\" alt=\"\" class=\"wp-image-644\" style=\"width:120px;height:120px\"\/><\/figure>\n\n\n\n<p class=\"has-text-align-center has-text-color\" style=\"color:#5e7084\"><strong>Jairo Vanegas L\u00f3pez<\/strong><\/p>\n\n\n\n<p class=\"has-text-align-center\" style=\"margin-top:0;margin-right:0;margin-bottom:0;margin-left:0\">Facultad de Ciencias M\u00e9dicas<\/p>\n\n\n\n<p class=\"has-text-align-center has-background-color has-text-color\">Jairo.venegas@usach.cl<\/p>\n<\/div>\n<\/div>\n<\/div>\n\n\n\n<div class=\"wp-block-columns alignwide is-layout-flex wp-container-core-columns-is-layout-28f84493 wp-block-columns-is-layout-flex\">\n<div class=\"wp-block-column coblocks-animate is-layout-flow wp-block-column-is-layout-flow\" data-coblocks-animation=\"zoomIn\">\n<div class=\"wp-block-group is-layout-constrained wp-block-group-is-layout-constrained\">\n<figure class=\"wp-block-image aligncenter size-full is-resized is-style-rounded\"><img loading=\"lazy\" decoding=\"async\" width=\"720\" height=\"720\" src=\"http:\/\/www.cei.usach.cl\/wp-content\/uploads\/2023\/05\/blank-profile-picture-973460_960_720.webp\" alt=\"\" class=\"wp-image-1470\" style=\"width:120px;height:120px\"\/><\/figure>\n\n\n\n<p class=\"has-text-align-center has-text-color\" style=\"color:#5e7084\"><strong>Nicol\u00e1s Vega Fuentes<\/strong><\/p>\n\n\n\n<p class=\"has-text-align-center\" style=\"margin-top:0;margin-right:0;margin-bottom:0;margin-left:0\">Facultad de Ciencias M\u00e9dicas<\/p>\n\n\n\n<p class=\"has-text-align-center has-background-color has-text-color\">Jairo.venegas@usach.cl<\/p>\n<\/div>\n<\/div>\n\n\n\n<div class=\"wp-block-column coblocks-animate is-layout-flow wp-block-column-is-layout-flow\" data-coblocks-animation=\"zoomIn\">\n<div class=\"wp-block-group is-layout-constrained wp-block-group-is-layout-constrained\">\n<figure class=\"wp-block-image aligncenter size-full is-resized is-style-rounded\"><img loading=\"lazy\" decoding=\"async\" width=\"720\" height=\"720\" src=\"http:\/\/www.cei.usach.cl\/wp-content\/uploads\/2023\/05\/blank-profile-picture-973460_960_720.webp\" alt=\"\" class=\"wp-image-1470\" style=\"width:120px;height:120px\"\/><\/figure>\n\n\n\n<p class=\"has-text-align-center has-text-color\" style=\"color:#5e7084\"><strong>Claudia Villalobos Morales<\/strong><\/p>\n\n\n\n<p class=\"has-text-align-center\" style=\"margin-top:0;margin-right:0;margin-bottom:0;margin-left:0\">Facultad de Ciencias M\u00e9dicas<\/p>\n\n\n\n<p class=\"has-text-align-center has-background-color has-text-color\">Jairo.venegas@usach.cl<\/p>\n<\/div>\n<\/div>\n\n\n\n<div class=\"wp-block-column coblocks-animate is-layout-flow wp-block-column-is-layout-flow\" data-coblocks-animation=\"zoomIn\">\n<div class=\"wp-block-group is-layout-constrained wp-block-group-is-layout-constrained\">\n<figure class=\"wp-block-image aligncenter size-full is-resized is-style-rounded\"><img loading=\"lazy\" decoding=\"async\" width=\"720\" height=\"720\" src=\"http:\/\/www.cei.usach.cl\/wp-content\/uploads\/2023\/05\/blank-profile-picture-973460_960_720.webp\" alt=\"\" class=\"wp-image-1470\" style=\"width:120px;height:120px\"\/><\/figure>\n\n\n\n<p class=\"has-text-align-center has-text-color\" style=\"color:#5e7084\"><strong>Patricia Mu\u00f1oz Ojeda<\/strong><\/p>\n\n\n\n<p class=\"has-text-align-center\" style=\"margin-top:0;margin-right:0;margin-bottom:0;margin-left:0\">Facultad de Ciencias M\u00e9dicas<\/p>\n\n\n\n<p class=\"has-text-align-center has-background-color has-text-color\">Jairo.venegas@usach.cl<\/p>\n<\/div>\n<\/div>\n\n\n\n<div class=\"wp-block-column coblocks-animate is-layout-flow wp-block-column-is-layout-flow\" data-coblocks-animation=\"zoomIn\">\n<div class=\"wp-block-group is-layout-constrained wp-block-group-is-layout-constrained\">\n<figure class=\"wp-block-image aligncenter size-full is-resized is-style-rounded\"><img loading=\"lazy\" decoding=\"async\" width=\"720\" height=\"720\" src=\"http:\/\/www.cei.usach.cl\/wp-content\/uploads\/2023\/05\/blank-profile-picture-973460_960_720.webp\" alt=\"\" class=\"wp-image-1470\" style=\"width:120px;height:120px\"\/><\/figure>\n\n\n\n<p class=\"has-text-align-center has-text-color\" style=\"color:#5e7084\"><strong>Roberto Vera Salazar<\/strong><\/p>\n\n\n\n<p class=\"has-text-align-center\" style=\"margin-top:0;margin-right:0;margin-bottom:0;margin-left:0\">Facultad de Ciencias M\u00e9dicas<\/p>\n\n\n\n<p class=\"has-text-align-center has-background-color has-text-color\">Jairo.venegas@usach.cl<\/p>\n<\/div>\n<\/div>\n<\/div>\n\n\n\n<div class=\"wp-block-columns alignwide is-layout-flex wp-container-core-columns-is-layout-28f84493 wp-block-columns-is-layout-flex\">\n<div class=\"wp-block-column coblocks-animate is-layout-flow wp-block-column-is-layout-flow\" data-coblocks-animation=\"zoomIn\">\n<div class=\"wp-block-group is-layout-constrained wp-block-group-is-layout-constrained\">\n<figure class=\"wp-block-image aligncenter size-full is-resized is-style-rounded\"><img loading=\"lazy\" decoding=\"async\" width=\"300\" height=\"300\" src=\"http:\/\/www.cei.usach.cl\/wp-content\/uploads\/2023\/02\/Alvaro-Moreno-Vilches-300x300-1.jpg\" alt=\"\" class=\"wp-image-649\" style=\"width:120px;height:120px\"\/><\/figure>\n\n\n\n<p class=\"has-text-align-center has-text-color\" style=\"color:#5e7084\"><strong>\u00c1lvaro Moreno Vilches<\/strong><\/p>\n\n\n\n<p class=\"has-text-align-center\" style=\"margin-top:0;margin-right:0;margin-bottom:0;margin-left:0\">Abogado<\/p>\n\n\n\n<p class=\"has-text-align-center has-background-color has-text-color\">Jairo.venegas@usach.cl<\/p>\n<\/div>\n<\/div>\n\n\n\n<div class=\"wp-block-column coblocks-animate is-layout-flow wp-block-column-is-layout-flow\" data-coblocks-animation=\"zoomIn\">\n<div class=\"wp-block-group is-layout-constrained wp-block-group-is-layout-constrained\">\n<figure class=\"wp-block-image aligncenter size-full is-resized is-style-rounded\"><img loading=\"lazy\" decoding=\"async\" width=\"201\" height=\"201\" src=\"http:\/\/www.cei.usach.cl\/wp-content\/uploads\/2023\/05\/Alexandra-Gajardo.png\" alt=\"\" class=\"wp-image-1451\" style=\"width:120px;height:120px\"\/><\/figure>\n\n\n\n<p class=\"has-text-align-center has-text-color\" style=\"color:#5e7084\"><strong>Alexandra Gajardo Tobar<\/strong><\/p>\n\n\n\n<p class=\"has-text-align-center\" style=\"margin-top:0;margin-right:0;margin-bottom:0;margin-left:0\">Representante de la Comunidad<\/p>\n\n\n\n<p class=\"has-text-align-center has-background-color has-text-color\">Jairo.venegas@usach.cl<\/p>\n<\/div>\n<\/div>\n\n\n\n<div class=\"wp-block-column coblocks-animate is-layout-flow wp-block-column-is-layout-flow\" data-coblocks-animation=\"zoomIn\">\n<div class=\"wp-block-group is-layout-constrained wp-block-group-is-layout-constrained\">\n<figure class=\"wp-block-image aligncenter size-full is-resized is-style-rounded\"><img loading=\"lazy\" decoding=\"async\" width=\"720\" height=\"720\" src=\"http:\/\/www.cei.usach.cl\/wp-content\/uploads\/2023\/05\/blank-profile-picture-973460_960_720.webp\" alt=\"\" class=\"wp-image-1470\" style=\"width:120px;height:120px\"\/><\/figure>\n\n\n\n<p class=\"has-text-align-center has-text-color\" style=\"color:#5e7084\"><strong>Astrid Arriagada Ram\u00edrez<\/strong><\/p>\n\n\n\n<p class=\"has-text-align-center\" style=\"margin-top:0;margin-right:0;margin-bottom:0;margin-left:0\">Facultad de Ciencias M\u00e9dicas<\/p>\n\n\n\n<p class=\"has-text-align-center has-background-color has-text-color\">Jairo.venegas@usach.cl<\/p>\n<\/div>\n<\/div>\n\n\n\n<div class=\"wp-block-column coblocks-animate is-layout-flow wp-block-column-is-layout-flow\" data-coblocks-animation=\"zoomIn\">\n<div class=\"wp-block-group is-layout-constrained wp-block-group-is-layout-constrained\">\n<figure class=\"wp-block-image aligncenter size-full is-resized is-style-rounded\"><img loading=\"lazy\" decoding=\"async\" width=\"720\" height=\"720\" src=\"http:\/\/www.cei.usach.cl\/wp-content\/uploads\/2023\/05\/blank-profile-picture-973460_960_720.webp\" alt=\"\" class=\"wp-image-1470\" style=\"width:120px;height:120px\"\/><\/figure>\n\n\n\n<p class=\"has-text-align-center has-text-color\" style=\"color:#5e7084\"><strong>Rossana Navarro Torres<\/strong><\/p>\n\n\n\n<p class=\"has-text-align-center\" style=\"margin-top:0;margin-right:0;margin-bottom:0;margin-left:0\">Facultad de Ciencias M\u00e9dicas<\/p>\n\n\n\n<p class=\"has-text-align-center has-background-color has-text-color\">Jairo.venegas@usach.cl<\/p>\n<\/div>\n<\/div>\n<\/div>\n\n\n\n<div class=\"wp-block-columns alignwide is-layout-flex wp-container-core-columns-is-layout-28f84493 wp-block-columns-is-layout-flex\">\n<div class=\"wp-block-column coblocks-animate is-layout-flow wp-block-column-is-layout-flow\" data-coblocks-animation=\"zoomIn\"><\/div>\n\n\n\n<div class=\"wp-block-column coblocks-animate is-layout-flow wp-block-column-is-layout-flow\" data-coblocks-animation=\"zoomIn\"><\/div>\n<\/div>\n","protected":false},"excerpt":{"rendered":"<p>Coordinaci\u00f3n Christian Cea Del R\u00edo Coordinador Jairo.venegas@usach.cl Gilberto Godoy M\u00e9ndez Coordinador Alterno Jairo.venegas@usach.cl Integrantes Lorna Luco Canales Asesora&nbsp;Externa Jairo.venegas@usach.cl Mar\u00eda Ang\u00e9lica Sotomayor Saavedra Asesora&nbsp;Externa Jairo.venegas@usach.cl Lorena Sulz Echeverr\u00eda Facultad de [&hellip;]<\/p>\n","protected":false},"author":1,"featured_media":1511,"parent":0,"menu_order":0,"comment_status":"closed","ping_status":"closed","template":"","meta":{"_coblocks_attr":"","_coblocks_dimensions":"","_coblocks_responsive_height":"","_coblocks_accordion_ie_support":"","inline_featured_image":false,"_EventAllDay":false,"_EventTimezone":"","_EventStartDate":"","_EventEndDate":"","_EventStartDateUTC":"","_EventEndDateUTC":"","_EventShowMap":false,"_EventShowMapLink":false,"_EventURL":"","_EventCost":"","_EventCostDescription":"","_EventCurrencySymbol":"","_EventCurrencyCode":"","_EventCurrencyPosition":"","_EventDateTimeSeparator":"","_EventTimeRangeSeparator":"","_EventOrganizerID":[],"_EventVenueID":[],"_OrganizerEmail":"","_OrganizerPhone":"","_OrganizerWebsite":"","_VenueAddress":"","_VenueCity":"","_VenueCountry":"","_VenueProvince":"","_VenueState":"","_VenueZip":"","_VenuePhone":"","_VenueURL":"","_VenueStateProvince":"","_VenueLat":"","_VenueLng":"","_VenueShowMap":false,"_VenueShowMapLink":false,"footnotes":""},"class_list":["post-1392","page","type-page","status-publish","has-post-thumbnail","hentry"],"rttpg_featured_image_url":{"full":["https:\/\/www.cei.usach.cl\/wp-content\/uploads\/2023\/05\/Q.SArea-Cs.-Medicas.png",1500,1125,false],"landscape":["https:\/\/www.cei.usach.cl\/wp-content\/uploads\/2023\/05\/Q.SArea-Cs.-Medicas.png",1500,1125,false],"portraits":["https:\/\/www.cei.usach.cl\/wp-content\/uploads\/2023\/05\/Q.SArea-Cs.-Medicas.png",1500,1125,false],"thumbnail":["https:\/\/www.cei.usach.cl\/wp-content\/uploads\/2023\/05\/Q.SArea-Cs.-Medicas-150x150.png",150,150,true],"medium":["https:\/\/www.cei.usach.cl\/wp-content\/uploads\/2023\/05\/Q.SArea-Cs.-Medicas-300x225.png",300,225,true],"large":["https:\/\/www.cei.usach.cl\/wp-content\/uploads\/2023\/05\/Q.SArea-Cs.-Medicas-1024x768.png",1024,768,true],"1536x1536":["https:\/\/www.cei.usach.cl\/wp-content\/uploads\/2023\/05\/Q.SArea-Cs.-Medicas.png",1500,1125,false],"2048x2048":["https:\/\/www.cei.usach.cl\/wp-content\/uploads\/2023\/05\/Q.SArea-Cs.-Medicas.png",1500,1125,false],"rpwe-thumbnail":["https:\/\/www.cei.usach.cl\/wp-content\/uploads\/2023\/05\/Q.SArea-Cs.-Medicas-45x45.png",45,45,true]},"rttpg_author":{"display_name":"fabianflores","author_link":"https:\/\/www.cei.usach.cl\/index.php\/author\/fabianflores\/"},"rttpg_comment":0,"rttpg_category":null,"rttpg_excerpt":"Coordinaci\u00f3n Christian Cea Del R\u00edo Coordinador Jairo.venegas@usach.cl Gilberto Godoy M\u00e9ndez Coordinador Alterno Jairo.venegas@usach.cl Integrantes Lorna Luco Canales Asesora&nbsp;Externa Jairo.venegas@usach.cl Mar\u00eda Ang\u00e9lica Sotomayor Saavedra Asesora&nbsp;Externa Jairo.venegas@usach.cl Lorena Sulz Echeverr\u00eda Facultad de [&hellip;]","_links":{"self":[{"href":"https:\/\/www.cei.usach.cl\/index.php\/wp-json\/wp\/v2\/pages\/1392","targetHints":{"allow":["GET"]}}],"collection":[{"href":"https:\/\/www.cei.usach.cl\/index.php\/wp-json\/wp\/v2\/pages"}],"about":[{"href":"https:\/\/www.cei.usach.cl\/index.php\/wp-json\/wp\/v2\/types\/page"}],"author":[{"embeddable":true,"href":"https:\/\/www.cei.usach.cl\/index.php\/wp-json\/wp\/v2\/users\/1"}],"replies":[{"embeddable":true,"href":"https:\/\/www.cei.usach.cl\/index.php\/wp-json\/wp\/v2\/comments?post=1392"}],"version-history":[{"count":9,"href":"https:\/\/www.cei.usach.cl\/index.php\/wp-json\/wp\/v2\/pages\/1392\/revisions"}],"predecessor-version":[{"id":3651,"href":"https:\/\/www.cei.usach.cl\/index.php\/wp-json\/wp\/v2\/pages\/1392\/revisions\/3651"}],"wp:featuredmedia":[{"embeddable":true,"href":"https:\/\/www.cei.usach.cl\/index.php\/wp-json\/wp\/v2\/media\/1511"}],"wp:attachment":[{"href":"https:\/\/www.cei.usach.cl\/index.php\/wp-json\/wp\/v2\/media?parent=1392"}],"curies":[{"name":"wp","href":"https:\/\/api.w.org\/{rel}","templated":true}]}}